{"id":82,"date":"2018-10-29T18:13:43","date_gmt":"2018-10-29T17:13:43","guid":{"rendered":"https:\/\/www.myspeed.one\/?page_id=82"},"modified":"2026-03-20T10:00:16","modified_gmt":"2026-03-20T09:00:16","slug":"datenschutz","status":"publish","type":"page","link":"https:\/\/www.myspeed.one\/fr\/politique-de-confidentialite\/","title":{"rendered":"Politique de confidentialit\u00e9"},"content":{"rendered":"<p><\/p>\n<h1><b>Politique de confidentialit\u00e9<\/b><\/h1>\n<p>Nous sommes tr\u00e8s heureux que vous ayez manifest\u00e9 de l&#8217;int\u00e9r\u00eat pour notre entreprise. La protection des donn\u00e9es est une tr\u00e8s grande priorit\u00e9 pour la gestion de l&#8217;entreprise. L&#8217;utilisation des pages Internet de la soci\u00e9t\u00e9 est possible sans aucune indication de donn\u00e9es personnelles; Toutefois, si une personne concern\u00e9e souhaite utiliser des services d&#8217;entreprise sp\u00e9ciaux via notre site Web, le traitement de donn\u00e9es \u00e0 caract\u00e8re personnel pourrait devenir n\u00e9cessaire. Si le traitement de donn\u00e9es \u00e0 caract\u00e8re personnel est n\u00e9cessaire et qu&#8217;il n&#8217;existe aucune base l\u00e9gale pour le traitement de la recherche, nous obtenons g\u00e9n\u00e9ralement le consentement de la personne concern\u00e9e.<\/p>\n<p>Le traitement des donn\u00e9es \u00e0 caract\u00e8re personnel, telles que le nom, l&#8217;adresse, l&#8217;adresse e-mail ou le num\u00e9ro de t\u00e9l\u00e9phone d&#8217;une personne concern\u00e9e doit toujours \u00eatre conforme au r\u00e8glement g\u00e9n\u00e9ral sur la protection des donn\u00e9es (RGPD), et aux r\u00e8gles de protection des donn\u00e9es sp\u00e9cifiques au pays. r\u00e9glementation applicable \u00e0 la soci\u00e9t\u00e9. Au moyen de cette d\u00e9claration de protection des donn\u00e9es, notre entreprise souhaite informer le grand public de la nature, de la port\u00e9e et de la finalit\u00e9 des donn\u00e9es personnelles que nous collectons, utilisons et traitons. En outre, les personnes concern\u00e9es sont inform\u00e9es, par le biais desquelles elles ont droit.<\/p>\n<p>En tant que responsable du traitement, la soci\u00e9t\u00e9 a mis en \u0153uvre de nombreuses mesures techniques et organisationnelles pour assurer la protection la plus compl\u00e8te des donn\u00e9es \u00e0 caract\u00e8re personnel trait\u00e9es via ce site Web. Toutefois, la transmission de donn\u00e9es sur Internet pouvant en principe comporter des failles de s\u00e9curit\u00e9, une protection absolue peut ne pas \u00eatre garantie. Pour cette raison, chaque personne concern\u00e9e est libre de nous transf\u00e9rer des donn\u00e9es \u00e0 caract\u00e8re personnel par d&#8217;autres moyens, par exemple par t\u00e9l\u00e9phone.<\/p>\n<h4><b>1. D\u00e9finitions<\/b><\/h4>\n<p>La d\u00e9claration de protection des donn\u00e9es de la soci\u00e9t\u00e9 est bas\u00e9e sur le l\u00e9gislateur europ\u00e9en pour l&#8217;adoption du r\u00e8glement g\u00e9n\u00e9ral sur la protection des donn\u00e9es (GDPR). Notre d\u00e9claration de protection des donn\u00e9es doit \u00eatre lisible et compr\u00e9hensible pour le grand public, ainsi que pour nos clients et partenaires commerciaux. Pour ce faire, nous voudrions d\u2019abord expliquer la terminologie utilis\u00e9e.<\/p>\n<p>Dans cette d\u00e9claration de protection des donn\u00e9es, nous utilisons, entre autres, les termes suivants:<\/p>\n<h4><b>a) Donn\u00e9es personnelles<\/b><\/h4>\n<p>Donn\u00e9es \u00e0 caract\u00e8re personnel: toute information concernant une personne physique identifi\u00e9e ou identifiable (&#8220;personne concern\u00e9e&#8221;). Une personne physique identifiable est une personne qui identifie, directement ou indirectement, notamment par r\u00e9f\u00e9rence \u00e0 un identifiant, un nom, un num\u00e9ro d&#8217;identification, des donn\u00e9es de localisation, un identifiant en ligne ou davantage, voire davantage, de facteurs propres \u00e0 la situation physique, physiologique, physique et physique, identit\u00e9 g\u00e9n\u00e9tique, \u00e9conomique, culturelle ou sociale de cette personne physique.<\/p>\n<h4><b>b) personne concern\u00e9e<\/b><\/h4>\n<p>La personne concern\u00e9e est toute personne physique identifi\u00e9e ou identifiable dont les donn\u00e9es \u00e0 caract\u00e8re personnel sont trait\u00e9es par le responsable du traitement responsable du traitement.<\/p>\n<h4><b>c) traitement<\/b><\/h4>\n<p>Le traitement ou la cr\u00e9ation de donn\u00e9es \u00e0 caract\u00e8re personnel, que ce soit ou non par des moyens automatis\u00e9s, tels que la collecte, l&#8217;enregistrement, l&#8217;organisation, la structuration, le stockage, l&#8217;adaptation ou la modification, la r\u00e9cup\u00e9ration, la consultation, l&#8217;utilisation, divulgation par transmission, diffusion ou toute autre mise \u00e0 disposition, alignement ou combinaison, restriction, effacement ou destruction.<\/p>\n<h4><b>d) Restriction de traitement<\/b><\/h4>\n<p>La limitation du traitement est le marquage des donn\u00e9es personnelles stock\u00e9es dans le but de limiter leur traitement \u00e0 l&#8217;avenir.<\/p>\n<h4><b>e) profilage<\/b><\/h4>\n<p>Personnalit\u00e9 au travail, situation \u00e9conomique, sant\u00e9, pr\u00e9f\u00e9rences personnelles , int\u00e9r\u00eats, fiabilit\u00e9, comportement, emplacement ou mouvements.<\/p>\n<h4><b>f) Pseudonymisation<\/b><\/h4>\n<p>La pseudonymisation est le traitement de donn\u00e9es \u00e0 caract\u00e8re personnel de mani\u00e8re \u00e0 ce que les donn\u00e9es \u00e0 caract\u00e8re personnel ne puissent plus \u00eatre attribu\u00e9es \u00e0 une personne concern\u00e9e sans les informations suppl\u00e9mentaires fournies. que les donn\u00e9es personnelles ne sont pas attribu\u00e9es \u00e0 une personne physique identifi\u00e9e ou identifiable.<\/p>\n<h4><b>g) Contr\u00f4leur ou responsable du traitement<\/b><\/h4>\n<p>Le responsable du traitement ou responsable du traitement est la personne physique ou morale, l&#8217;autorit\u00e9 publique, une agence ou un autre organisme qui, seul ou avec d&#8217;autres, d\u00e9termine les finalit\u00e9s et les moyens du traitement des donn\u00e9es \u00e0 caract\u00e8re personnel; Droit de l&#8217;Union ou des \u00c9tats membres, le responsable du traitement ou les crit\u00e8res sp\u00e9cifiques applicables \u00e0 sa d\u00e9signation.<\/p>\n<h4><b>h) processeur<\/b><\/h4>\n<p>Le transformateur est une personne physique ou morale, une autorit\u00e9 publique, une agence ou un autre organisme.<\/p>\n<h4><b>i) destinataire<\/b><\/h4>\n<p>Le destinataire est une personne physique ou morale, une autorit\u00e9 publique, une agence ou un autre organisme auquel les donn\u00e9es \u00e0 caract\u00e8re personnel sont divulgu\u00e9es, qu&#8217;il s&#8217;agisse d&#8217;un tiers ou non. Toutefois, les autorit\u00e9s publiques peuvent recevoir des donn\u00e9es \u00e0 caract\u00e8re personnel dans le cadre d&#8217;une enqu\u00eate particuli\u00e8re conform\u00e9ment au droit de l&#8217;Union ou aux \u00c9tats membres ne sont pas consid\u00e9r\u00e9es comme des destinataires; Le traitement de ces donn\u00e9es doit \u00eatre effectu\u00e9 conform\u00e9ment aux r\u00e9glementations applicables en mati\u00e8re de protection des donn\u00e9es.<\/p>\n<h4><b>j) tiers<\/b><\/h4>\n<p>Un tiers est une personne physique, une autorit\u00e9 publique, un organisme ou un organisme autre que la personne concern\u00e9e, le responsable du traitement, le responsable du traitement et les personnes plac\u00e9es sous l&#8217;autorit\u00e9 directe du responsable ou du responsable du traitement sont autoris\u00e9es \u00e0 traiter des donn\u00e9es \u00e0 caract\u00e8re personnel.<\/p>\n<h4><b>k) Consentement<\/b><\/h4>\n<p>Par une affirmation affirmative, signifie l\u2019acceptation du traitement de donn\u00e9es \u00e0 caract\u00e8re personnel le concernant. ,<\/p>\n<h4><b>2. Nom et adresse du contr\u00f4leur<\/b><\/h4>\n<p>Le contr\u00f4leur aux fins du r\u00e8glement g\u00e9n\u00e9ral sur la protection des donn\u00e9es (RGPD) dans les \u00c9tats membres de l&#8217;Union europ\u00e9enne et des autres dispositions relatives \u00e0 la protection des donn\u00e9es est:<\/p>\n<p>Nicolay Bohlen<\/p>\n<p>Querkamp 11<\/p>\n<p>22119 Hamburg<\/p>\n<p>Allemagne<\/p>\n<p>E-mail: info@myspeed.one<\/p>\n<p>Site web: www.myspeed.one<\/p>\n<h4><b>3. Cookies<\/b><\/h4>\n<p>Les pages Internet de la soci\u00e9t\u00e9 utilisent des cookies. Les cookies sont des fichiers texte qui sont stock\u00e9s dans un ordinateur via un navigateur Internet.<\/p>\n<p>De nombreux sites Internet et serveurs utilisent des cookies. De nombreux cookies contiennent ce que l&#8217;on appelle un identifiant de cookie. Un identifiant de cookie est un identifiant unique du cookie. Il consiste en une cha\u00eene de caract\u00e8res \u00e0 travers laquelle des pages Internet et des serveurs peuvent \u00eatre attribu\u00e9s au navigateur Internet sp\u00e9cifique. Cela a permis aux sites Internet et aux serveurs visit\u00e9s de se diff\u00e9rencier. Un navigateur Internet sp\u00e9cifique peut \u00eatre utilis\u00e9 et identifi\u00e9 \u00e0 l&#8217;aide de l&#8217;identifiant unique.<\/p>\n<p>En utilisant des cookies, la soci\u00e9t\u00e9 peut fournir aux utilisateurs de ce site Web des services plus conviviaux qu\u2019il ne serait pas possible sans le param\u00e8tre cookie.<\/p>\n<p>\u00c0 l&#8217;aide d&#8217;un cookie, les informations et les offres de notre site Web peuvent \u00eatre utilis\u00e9es avec nos cookies. Le but de cette reconnaissance est de faciliter l\u2019utilisation du site par les utilisateurs. Le site Web est accessible via le site Web et est donc stock\u00e9 sur le syst\u00e8me informatique de l&#8217;utilisateur. panier dans une boutique en ligne. La boutique en ligne m\u00e9morise les articles qu&#8217;un client a plac\u00e9s dans le panier virtuel via un cookie.<\/p>\n<p>La personne concern\u00e9e peut, \u00e0 tout moment, emp\u00eacher l&#8217;utilisation de cookies sur notre site Web. En outre, les cookies peuvent d\u00e9j\u00e0 \u00eatre supprim\u00e9s \u00e0 tout moment via un navigateur Internet ou un autre logiciel. Ceci est possible dans tous les navigateurs Internet populaires. Si la personne concern\u00e9e d\u00e9sactive le r\u00e9glage des cookies utilis\u00e9s dans le navigateur Internet, ceux-ci peuvent \u00eatre enti\u00e8rement utilisables.<\/p>\n<h4><b>4. Collecte de donn\u00e9es g\u00e9n\u00e9rales et d&#8217;informations<\/b><\/h4>\n<p>Le site Web de la soci\u00e9t\u00e9 recueille une s\u00e9rie de donn\u00e9es et d\u2019informations g\u00e9n\u00e9rales. Ces donn\u00e9es et informations g\u00e9n\u00e9rales sont stock\u00e9es dans les fichiers journaux du serveur. Recueillies peuvent \u00eatre (1) les types et versions de navigateur utilis\u00e9s, (2) le syst\u00e8me d&#8217;exploitation utilis\u00e9 par le syst\u00e8me d&#8217;acc\u00e8s, (3) le site Web \u00e0 partir duquel un syst\u00e8me d&#8217;acc\u00e8s, notre site Web (d\u00e9nomm\u00e9s &#8220;r\u00e9f\u00e9rents&#8221;), (4) le sous-syst\u00e8me. (6) adresse de protocole Internet (adresse IP), (7) fournisseur de services Internet du syst\u00e8me ayant acc\u00e8s, (8) toute autre donn\u00e9e similaire et informations pouvant \u00eatre utilis\u00e9es en cas d&#8217;attaque de nos syst\u00e8mes informatiques.<\/p>\n<p>Lors de l&#8217;utilisation de ces donn\u00e9es et informations g\u00e9n\u00e9rales, l&#8217;entreprise ne tire aucune conclusion sur la personne concern\u00e9e. Nous sommes plut\u00f4t heureux de vous fournir le contenu de notre site Web, (2) d&#8217;optimiser le contenu de notre site ainsi que sa publicit\u00e9, (3) d&#8217;assurer la viabilit\u00e9 \u00e0 long terme de nos syst\u00e8mes de technologie de l&#8217;information et de la technologie de notre site Web. et (4) fournir aux autorit\u00e9s r\u00e9pressives les informations n\u00e9cessaires aux poursuites p\u00e9nales en cas de cyberattaque. Par cons\u00e9quent, la soci\u00e9t\u00e9 analyse statistiquement des donn\u00e9es anonymes et des informations afin d&#8217;accro\u00eetre la protection et la s\u00e9curit\u00e9 des donn\u00e9es de notre entreprise et d&#8217;assurer un niveau optimal de protection des donn\u00e9es \u00e0 caract\u00e8re personnel que nous traitons. Les donn\u00e9es anonymes des fichiers journaux du serveur sont stock\u00e9es s\u00e9par\u00e9ment de toutes les donn\u00e9es personnelles par une personne concern\u00e9e.<\/p>\n<h4><b>5. Possibilit\u00e9 de contact via le site web<\/b><\/h4>\n<p>Le site Web de la soci\u00e9t\u00e9 contient des informations qui permettent un contact \u00e9lectronique rapide avec notre entreprise, ainsi qu&#8217;une communication directe avec nous, qui comprend \u00e9galement une adresse g\u00e9n\u00e9rale du courrier \u00e9lectronique (adresse \u00e9lectronique). Si une personne concern\u00e9e contacte le contr\u00f4leur par courrier \u00e9lectronique ou via un formulaire de contact, les donn\u00e9es \u00e0 caract\u00e8re personnel transmises par la personne concern\u00e9e sont automatiquement stock\u00e9es. Les donn\u00e9es personnelles sont soumises au responsable du traitement. Il n&#8217;y a pas de transfert de ces donn\u00e9es personnelles \u00e0 des tiers.<\/p>\n<h4><b>6. Effacement et blocage courants des donn\u00e9es personnelles<\/b><\/h4>\n<p>Le responsable du traitement est soumis au proc\u00e8s de l&#8217;Union europ\u00e9enne \u00e0.<\/p>\n<p>Dans le cas d&#8217;une obligation l\u00e9gale, les donn\u00e9es personnelles sont syst\u00e9matiquement bloqu\u00e9es ou effac\u00e9es conform\u00e9ment aux exigences l\u00e9gales.<\/p>\n<h4><b>7. Droits de la personne concern\u00e9e<\/b><\/h4>\n<h4><b>a) Droit de confirmation<\/b><\/h4>\n<p>Il ou elle est en cours de traitement dans l&#8217;Union europ\u00e9enne. Si une personne concern\u00e9e souhaite se pr\u00e9valoir de ce droit de confirmation, elle peut \u00e0 tout moment contacter tout employ\u00e9 du responsable du traitement.<\/p>\n<h4><b>b) Droit d&#8217;acc\u00e8s<\/b><\/h4>\n<p>Chaque personne concern\u00e9e a le droit d&#8217;\u00eatre lue par le l\u00e9gislateur europ\u00e9en. En outre, les directives et r\u00e9glementations europ\u00e9ennes accordent \u00e0 la personne concern\u00e9e l&#8217;acc\u00e8s aux informations suivantes:<\/p>\n<ul>\n<li style=\"list-style-type: none;\">\n<ul>\n<li>les finalit\u00e9s du traitement;<\/li>\n<li>les cat\u00e9gories de donn\u00e9es personnelles concern\u00e9es;<\/li>\n<li>les destinataires ou les cat\u00e9gories de destinataires auxquels les donn\u00e9es \u00e0 caract\u00e8re personnel ont \u00e9t\u00e9 ou seront divulgu\u00e9es, en particulier les destinataires situ\u00e9s dans des pays tiers ou des organisations internationales;<\/li>\n<li>dans la mesure du possible, la p\u00e9riode envisag\u00e9e pour laquelle les donn\u00e9es \u00e0 caract\u00e8re personnel seront stock\u00e9es ou, si ce n\u2019est pas possible, les crit\u00e8res utilis\u00e9s pour d\u00e9terminer cette p\u00e9riode;<\/li>\n<li>l&#8217;existence d&#8217;un droit de demander au responsable du traitement de rectifier ou d&#8217;effacer des donn\u00e9es \u00e0 caract\u00e8re personnel, ou de restreindre le traitement de donn\u00e9es \u00e0 caract\u00e8re personnel concernant la personne concern\u00e9e, ou de s&#8217;opposer au traitement de la recherche;<\/li>\n<li>l&#8217;existence du droit de porter plainte aupr\u00e8s d&#8217;une autorit\u00e9 de surveillance;<\/li>\n<li>lorsque les donn\u00e9es \u00e0 caract\u00e8re personnel ne sont pas collect\u00e9es aupr\u00e8s de la personne concern\u00e9e, toute information disponible quant \u00e0 leur source;<\/li>\n<li>l&#8217;existence d&#8217;une prise de d\u00e9cision automatis\u00e9e, y compris le profilage, vis\u00e9e \u00e0 l&#8217;article 22, paragraphes 1 et 4, du RGPD et, au moins dans ces cas, des informations utiles sur la logique impliqu\u00e9e, ainsi que sur l&#8217;importance et les cons\u00e9quences envisag\u00e9es de traitement de recherche pour la personne concern\u00e9e.<\/li>\n<\/ul>\n<\/li>\n<\/ul>\n<p>En outre, les donn\u00e9es sont transf\u00e9r\u00e9es vers un pays tiers ou vers une organisation internationale. Dans ce cas, la personne concern\u00e9e a le droit d&#8217;\u00eatre inform\u00e9e.<\/p>\n<p>Si une personne concern\u00e9e souhaite se pr\u00e9valoir de ce droit d&#8217;acc\u00e8s, elle peut \u00e0 tout moment contacter l&#8217;un des employ\u00e9s du responsable du traitement.<\/p>\n<h4><b>c) Droit de rectification<\/b><\/h4>\n<p>La rectification de donn\u00e9es personnelles inexactes le concerne. Prise en compte de l&#8217;ach\u00e8vement de la proc\u00e9dure.<\/p>\n<p>Si quelqu&#8217;un souhaite exercer ce droit de rectification, il peut, \u00e0 tout moment, contacter l&#8217;un des employ\u00e9s du contr\u00f4leur.<\/p>\n<h4><b>d) Droit d&#8217;effacement<\/b><\/h4>\n<p>Donn\u00e9es personnelles sans retard excessif et l&#8217;un des motifs suivants s&#8217;applique, tant que le traitement n&#8217;est pas n\u00e9cessaire:<\/p>\n<ul>\n<li style=\"list-style-type: none;\">\n<ul>\n<li>Les donn\u00e9es personnelles ne sont plus n\u00e9cessaires au regard des finalit\u00e9s pour lesquelles elles ont \u00e9t\u00e9 collect\u00e9es ou trait\u00e9es.<\/li>\n<li>La personne concern\u00e9e retire son consentement au traitement effectu\u00e9 conform\u00e9ment \u00e0 l&#8217;article 6, paragraphe 1, point a), du RPGD ou \u00e0 l&#8217;article 9, paragraphe 2, point a), du RPGD, et en l&#8217;absence de tout autre motif juridique. pour le traitement.<\/li>\n<li>21 (2) du RGPD et qu&#8217;il n&#8217;y a pas de motifs l\u00e9gitimes dominants pour le traitement, ou que la personne concern\u00e9e s&#8217;objecte \u00e0 l&#8217;article.<\/li>\n<li>Les donn\u00e9es personnelles ont \u00e9t\u00e9 trait\u00e9es ill\u00e9galement.<\/li>\n<li>Les donn\u00e9es \u00e0 caract\u00e8re personnel doivent \u00eatre effac\u00e9es pour \u00eatre en conformit\u00e9 avec une obligation l\u00e9gale dans l&#8217;Union ou dans un \u00c9tat membre.<\/li>\n<li>Les donn\u00e9es \u00e0 caract\u00e8re personnel ont \u00e9t\u00e9 collect\u00e9es concernant l&#8217;offre de la soci\u00e9t\u00e9 de l&#8217;information au sens de l&#8217;article 8, paragraphe 1, du RGP.<\/li>\n<\/ul>\n<\/li>\n<\/ul>\n<p>Si l&#8217;une des raisons et que la personne concern\u00e9e souhaite demander l&#8217;effacement des donn\u00e9es \u00e0 caract\u00e8re personnel stock\u00e9es par l&#8217;entreprise, elle peut \u00e0 tout moment contacter tout employ\u00e9 du responsable du traitement. Un employ\u00e9 de l&#8217;entreprise doit imm\u00e9diatement s&#8217;assurer que la demande est satisfaite.<\/p>\n<p>Lorsque le responsable du traitement dispose de donn\u00e9es, il prend les mesures raisonnables, y compris les mesures techniques, pour informer les autres utilisateurs, en tenant compte de la technologie disponible et du co\u00fbt de mise en \u0153uvre. les contr\u00f4leurs traitant les donn\u00e9es \u00e0 caract\u00e8re personnel que la personne concern\u00e9e a demand\u00e9es par ces contr\u00f4leurs ne sont pas requis. Un employ\u00e9 de l&#8217;entreprise veut organiser les mesures n\u00e9cessaires dans des cas individuels.<\/p>\n<h4><b>e) Droit de restriction de traitement<\/b><\/h4>\n<p>Chacun des \u00e9l\u00e9ments suivants s&#8217;applique:<\/p>\n<ul>\n<li style=\"list-style-type: none;\">\n<ul>\n<li>L&#8217;exactitude des donn\u00e9es \u00e0 caract\u00e8re personnel est contest\u00e9e par la personne concern\u00e9e, pendant une p\u00e9riode permettant au responsable du traitement de v\u00e9rifier l&#8217;exactitude des donn\u00e9es \u00e0 caract\u00e8re personnel.<\/li>\n<li>Le traitement est ill\u00e9gal et la personne concern\u00e9e est l\u2019effacement des donn\u00e9es \u00e0 caract\u00e8re personnel et des requ\u00eates au lieu de la restriction de leur utilisation.<\/li>\n<li>Le responsable du traitement n&#8217;a plus besoin des donn\u00e9es \u00e0 caract\u00e8re personnel aux fins du traitement, mais celles-ci sont requises par la personne concern\u00e9e pour l&#8217;\u00e9tablissement, l&#8217;exercice ou la d\u00e9fense de droits l\u00e9gaux.<\/li>\n<li>La personne concern\u00e9e a fait \/ fait l&#8217;objet de la personne concern\u00e9e.<\/li>\n<\/ul>\n<\/li>\n<\/ul>\n<p>Par la soci\u00e9t\u00e9, il peut \u00e0 tout moment contacter tout employ\u00e9 du contr\u00f4leur. L&#8217;employ\u00e9 de l&#8217;entreprise veut organiser la restriction du traitement.<\/p>\n<h4><b>f) Droit \u00e0 la portabilit\u00e9 des donn\u00e9es<\/b><\/h4>\n<p>Il a \u00e9t\u00e9 fourni \u00e0 un contr\u00f4leur dans un format structur\u00e9, couramment utilis\u00e9 et lisible par machine. Il a le droit de transmettre des donn\u00e9es de et vers le contr\u00f4leur auquel il a cr\u00e9\u00e9 ses donn\u00e9es. le RGPD ou le point a) du RGPD, ou sur un contrat b) de l&#8217;article 6, paragraphe 1, du RGPD, et le traitement est effectu\u00e9 par des moyens automatis\u00e9s, tant que La proc\u00e9dure n&#8217;est pas n\u00e9cessaire pour l&#8217;accomplissement d&#8217;une t\u00e2che d&#8217;int\u00e9r\u00eat g\u00e9n\u00e9ral.<\/p>\n<p>En outre, d\u2019une mani\u00e8re techniquement r\u00e9alisable et r\u00e9alisable, cela ne signifie pas porter atteinte aux droits et libert\u00e9s d&#8217;autrui.<\/p>\n<p>Afin de garantir le droit \u00e0 la portabilit\u00e9 des donn\u00e9es, la personne concern\u00e9e peut \u00e0 tout moment contacter tout employ\u00e9 de la soci\u00e9t\u00e9.<\/p>\n<h4><b>g) Droit d&#8217;objection<\/b><\/h4>\n<p>Il est bas\u00e9 sur le point (e) ou (f.) ) de l&#8217;article 6, paragraphe 1, du RGPD. Ceci s&#8217;applique \u00e9galement au profilage bas\u00e9 sur ces dispositions.<\/p>\n<p>La soci\u00e9t\u00e9 ne traitera plus les donn\u00e9es \u00e0 caract\u00e8re personnel en cas d&#8217;objection, \u00e0 moins que nous puissions d\u00e9montrer les raisons l\u00e9gitimes et imp\u00e9rieuses du traitement qui l&#8217;emporte sur les int\u00e9r\u00eats, les droits et les libert\u00e9s de la personne concern\u00e9e, ni sur l&#8217;\u00e9tablissement, l&#8217;exercice ou la d\u00e9fense de droits l\u00e9gaux. ,<\/p>\n<p>Si la soci\u00e9t\u00e9 traite des donn\u00e9es \u00e0 caract\u00e8re personnel \u00e0 des fins de marketing direct, la personne concern\u00e9e a le droit de s&#8217;opposer \u00e0 tout moment au traitement de donn\u00e9es \u00e0 caract\u00e8re personnel la concernant \u00e0 des fins de marketing. Cela s&#8217;applique au profilage dans la mesure o\u00f9 il est li\u00e9 \u00e0 un tel marketing direct. Si la personne concern\u00e9e s&#8217;oppose \u00e0 la soci\u00e9t\u00e9 pour qu&#8217;elle soit trait\u00e9e \u00e0 des fins de marketing direct, la soci\u00e9t\u00e9 souhaite ne plus traiter les donn\u00e9es \u00e0 caract\u00e8re personnel \u00e0 ces fins.<\/p>\n<p>En outre, la personne concern\u00e9e a le droit, pour des motifs particuliers, de s\u2019opposer au traitement des donn\u00e9es \u00e0 caract\u00e8re personnel la concernant par le cabinet \u00e0 des fins de recherche scientifique ou historique, ou \u00e0 des fins de recherche. 1) du GDPR, sauf si le traitement est n\u00e9cessaire \u00e0 l&#8217;ex\u00e9cution d&#8217;une t\u00e2che.<\/p>\n<p>Pour exercer son droit d&#8217;opposition, la personne concern\u00e9e peut contacter n&#8217;importe quel employ\u00e9 de l&#8217;entreprise. En outre, la personne concern\u00e9e est libre, dans le cadre de l&#8217;utilisation des services de la soci\u00e9t\u00e9 de l&#8217;information, et nonobstant de la directive 2002\/58 \/ CE, de faire usage de son droit d&#8217;opposition par des moyens automatis\u00e9s utilisant des sp\u00e9cifications techniques.<\/p>\n<h4><b>h) Prise de d\u00e9cision individuelle automatis\u00e9e, y compris l&#8217;\u00e9tablissement de profils<\/b><\/h4>\n<p>C&#8217;est tant que la d\u00e9cision est prise (2) n\u2019est pas autoris\u00e9 par l\u2019Union ou l\u2019\u00c9tat membre auquel le responsable du traitement est soumis et \/ ou \u00e9tablit Les droits et libert\u00e9s de la personne concern\u00e9e et ses int\u00e9r\u00eats l\u00e9gitimes, ou (3) ne sont pas bas\u00e9s sur le consentement explicite de la personne concern\u00e9e.<\/p>\n<p>Si la d\u00e9cision (1) est n\u00e9cessaire pour conclure ou ex\u00e9cuter un contrat entre la personne concern\u00e9e et le responsable du traitement, ou (2) si elle est fond\u00e9e sur le consentement de la personne concern\u00e9e, l&#8217;entreprise met en \u0153uvre des mesures appropri\u00e9es pour prot\u00e9ger: les droits et libert\u00e9s et int\u00e9r\u00eats l\u00e9gitimes de la personne concern\u00e9e, du moins le droit de demander au responsable du traitement de proc\u00e9der \u00e0 une intervention humaine, d&#8217;exprimer son point de vue et de contester la d\u00e9cision.<\/p>\n<p>Prise de d\u00e9cision individuelle automatis\u00e9e, il peut, \u00e0 tout moment, contacter tout employ\u00e9 de l&#8217;entreprise.<\/p>\n<h4><b>i) Droit de retirer son consentement en mati\u00e8re de protection des donn\u00e9es<\/b><\/h4>\n<p>Chaque personne concern\u00e9e a le droit de recevoir son consentement.<\/p>\n<p>Si la personne concern\u00e9e souhaite exercer le droit de retirer son consentement, elle peut, \u00e0 tout moment, contacter tout employ\u00e9 de l&#8217;entreprise.<\/p>\n<h4><b>8. Dispositions relatives \u00e0 la protection des donn\u00e9es relatives \u00e0 l&#8217;application et \u00e0 l&#8217;utilisation de Google AdSense<\/b><\/h4>\n<p>Sur ce site Web, Google a int\u00e9gr\u00e9 AdSense. Google AdSense est un service en ligne qui permet de placer des publicit\u00e9s sur des sites tiers. Google AdSense est bas\u00e9 sur un algorithme qui s\u00e9lectionne les publicit\u00e9s affich\u00e9es sur des sites tiers en fonction du contenu du site tiers respectif. Google AdSense permet un ciblage de l&#8217;internaute en fonction de ses centres d&#8217;int\u00e9r\u00eat, qui est mis en \u0153uvre au moyen de la g\u00e9n\u00e9ration de profils d&#8217;utilisateurs individuels.<\/p>\n<p>La soci\u00e9t\u00e9 exploitant la composante AdSense de Google est Alphabet Inc., 1600 Amphitheatre Park, Mountain View, CA 94043-1351, \u00c9tats-Unis.<\/p>\n<p>Le composant AdSense de Google vise \u00e0 int\u00e9grer des publicit\u00e9s sur notre site Web. Google AdSense place un cookie sur le syst\u00e8me informatique. La d\u00e9finition des cookies est expliqu\u00e9e ci-dessus. Gr\u00e2ce \u00e0 la configuration du cookie, Alphabet Inc. est en mesure d\u2019analyser l\u2019utilisation de notre site Web. Avec chacune des pages de ce site Internet, qui est un composant de Google AdSense, est int\u00e9gr\u00e9, le navigateur Internet soumettra automatiquement les donn\u00e9es via le Au cours de cette proc\u00e9dure technique, Alphabet Inc. acquiert la connaissance des donn\u00e9es personnelles, qui servent d\u2019adresse IP \u00e0 l\u2019alphabet. Inc., entre autres, pour comprendre l\u2019origine des visiteurs et des clics, puis pour cr\u00e9er des r\u00e8glements \u00e0 la commission.<\/p>\n<p>Comme indiqu\u00e9 ci-dessus, la personne concern\u00e9e peut \u00eatre utilis\u00e9e \u00e0 tout moment par le navigateur Web. Alphabet Inc. de mettre en place un cookie sur le syst\u00e8me informatique. En outre, les cookies d\u00e9j\u00e0 utilis\u00e9s par Alphabet Inc. peuvent \u00eatre supprim\u00e9s \u00e0 tout moment via un navigateur Web ou un autre logiciel.<\/p>\n<p>De plus, Google AdSense utilise des pixels de suivi. Un pixel de suivi est affich\u00e9 dans une page Web pour permettre \u00e0 un fichier journal d&#8217;\u00eatre analys\u00e9. En se basant sur les pixels de suivi int\u00e9gr\u00e9s, Alphabet Inc. peut utiliser une personne concern\u00e9e et quels liens ont \u00e9t\u00e9 lus par celle-ci. Le suivi des pixels sert notamment \u00e0 analyser le flux de visiteurs sur un site Web.<\/p>\n<p>Gr\u00e2ce \u00e0 Google AdSense, les donn\u00e9es et informations personnelles, qui comprennent \u00e9galement l&#8217;adresse IP et sont n\u00e9cessaires \u00e0 la collecte et \u00e0 la comptabilisation des publicit\u00e9s, sont transmises \u00e0 Alphabet Inc. aux \u00c9tats-Unis. Ces donn\u00e9es personnelles seront stock\u00e9es et trait\u00e9es aux \u00c9tats-Unis d&#8217;Am\u00e9rique. Alphabet Inc. peut divulguer les donn\u00e9es personnelles collect\u00e9es via cette proc\u00e9dure technique \u00e0 des tiers.<\/p>\n<p>Google AdSense est expliqu\u00e9 plus en d\u00e9tail dans le lien suivant https:\/\/www.google.com\/intl\/fr\/adsense\/start\/.<\/p>\n<h4><b>9. Base l\u00e9gale du traitement<\/b><\/h4>\n<p>Article 6 (1) lit. un RPGD sert de base l\u00e9gale pour les traitements pour lesquels nous obtenons le consentement \u00e0 une fin sp\u00e9cifique. Si le traitement de donn\u00e9es \u00e0 caract\u00e8re personnel est n\u00e9cessaire, si le traitement est n\u00e9cessaire \u00e0 la fourniture de biens ou \u00e0 la fourniture de tout autre service, le traitement est: sur la base de l&#8217;article 6, paragraphe 1, lit. b GDPR. Il en va de m\u00eame pour les op\u00e9rations de traitement de recherche n\u00e9cessaires \u00e0 la r\u00e9alisation de mesures pr\u00e9contractuelles, par exemple dans le cas de demandes concernant nos produits ou services. Article 6 (1) lit. c GDPR. Dans de rares cas, le traitement de donn\u00e9es \u00e0 caract\u00e8re personnel peut \u00eatre n\u00e9cessaire pour prot\u00e9ger les int\u00e9r\u00eats vitaux de la personne concern\u00e9e ou d&#8217;une autre personne physique. Ce serait le cas pour un m\u00e9decin, un h\u00f4pital ou un autre tiers. Ensuite, le traitement serait bas\u00e9 sur l\u2019article 6 (1) lit. d GDPR. Enfin, les traitements pourraient \u00eatre bas\u00e9s sur l\u2019article 6 (1) lit. f GDPR. Cette base juridique est utilis\u00e9e pour des op\u00e9rations de traitement qui ne servent pas les int\u00e9r\u00eats l\u00e9gitimes d\u00e9fendus par notre soci\u00e9t\u00e9 ou par un tiers, sauf lorsque ces int\u00e9r\u00eats sont outrepass\u00e9s. ou des droits et libert\u00e9s fondamentaux de la personne concern\u00e9e qui n\u00e9cessitent la protection de donn\u00e9es \u00e0 caract\u00e8re personnel. Les traitements de recherche sont particuli\u00e8rement autoris\u00e9s car ils ont \u00e9t\u00e9 express\u00e9ment mentionn\u00e9s par le l\u00e9gislateur europ\u00e9en. Il a estim\u00e9 qu&#8217;un int\u00e9r\u00eat l\u00e9gitime pourrait \u00eatre pris en compte si la personne concern\u00e9e est un client du responsable du traitement (consid\u00e9rant 47, phrase 2, du GDPR).<\/p>\n<h4><b>10. Les int\u00e9r\u00eats l\u00e9gitimes poursuivis par le responsable du traitement ou par un tiers<\/b><\/h4>\n<p>Lorsque le traitement de donn\u00e9es \u00e0 caract\u00e8re personnel est bas\u00e9 sur l&#8217;article 6, paragraphe 1, lit. f GDPR, notre int\u00e9r\u00eat l\u00e9gitime est de mener nos activit\u00e9s en faveur du bien-\u00eatre de tous nos employ\u00e9s et de nos actionnaires.<\/p>\n<h4><b>11. P\u00e9riode pour laquelle les donn\u00e9es personnelles seront stock\u00e9es<\/b><\/h4>\n<p>Les crit\u00e8res utilis\u00e9s pour d\u00e9terminer la p\u00e9riode de stockage des donn\u00e9es \u00e0 caract\u00e8re personnel sont la p\u00e9riode de conservation l\u00e9gale respective. \u00c0 l&#8217;expiration de cette p\u00e9riode, les donn\u00e9es correspondantes sont syst\u00e9matiquement supprim\u00e9es, dans la mesure o\u00f9 elles ne sont plus n\u00e9cessaires \u00e0 l&#8217;ex\u00e9cution du contrat ou \u00e0 la conclusion d&#8217;un contrat.<\/p>\n<h4><b>12. Fourniture de donn\u00e9es \u00e0 caract\u00e8re personnel en tant qu&#8217;exigence l\u00e9gale ou contractuelle;<\/b> <b>Exigence n\u00e9cessaire pour conclure un contrat;<\/b> <b>Obligation de la personne concern\u00e9e de fournir les donn\u00e9es \u00e0 caract\u00e8re personnel;<\/b> <b>cons\u00e9quences possibles de la non-communication des donn\u00e9es de recherche<\/b><\/h4>\n<p>Nous pr\u00e9cisons que la fourniture de donn\u00e9es \u00e0 caract\u00e8re personnel est en partie requise par la loi (par exemple, la r\u00e9glementation fiscale) ou peut donc r\u00e9sulter de dispositions contractuelles (par exemple, des informations sur le partenaire contractuel). Parfois, il peut \u00eatre n\u00e9cessaire de conclure un contrat. La personne concern\u00e9e doit, par exemple, nous fournir des donn\u00e9es personnelles lorsque notre soci\u00e9t\u00e9 signe un contrat avec elle. La non-communication des donn\u00e9es \u00e0 caract\u00e8re personnel aurait permis de conclure que le contrat n&#8217;avait pas \u00e9t\u00e9 conclu. Avant que les donn\u00e9es personnelles ne soient fournies par la personne concern\u00e9e, celle-ci doit contacter tout employ\u00e9. L&#8217;employ\u00e9 d\u00e9clare qu&#8217;il \/ elle est responsable de la commission du contrat donn\u00e9es.<\/p>\n<h4><b>13. Existence d&#8217;une prise de d\u00e9cision automatis\u00e9e<\/b><\/h4>\n<p>En tant qu&#8217;entreprise responsable, nous nous abstenons de toute prise de d\u00e9cision ou profilage automatique.<\/p>\n<p>Cette politique de confidentialit\u00e9 a \u00e9t\u00e9 cr\u00e9\u00e9e par le g\u00e9n\u00e9rateur de d\u00e9claration de confidentialit\u00e9 de <a href=\"https:\/\/dg-datenschutz.de\/services\/external-data-protection-officer\/?lang=en\">DGD Deutsche Gesellschaft f\u00fcr Datenschutz GmbH<\/a>, qui agit en tant que responsable externe de la protection des donn\u00e9es, Dachau, en coop\u00e9ration avec l&#8217;avocat du droit de la protection des donn\u00e9es, <a href=\"https:\/\/www.wbs-law.de\/eng\/\">Christian Solmecke<\/a>.<\/p>\n<p><\/p>","protected":false},"excerpt":{"rendered":"<p><a class=\"ninja_pages_read_more\"  href=\"https:\/\/www.myspeed.one\/fr\/politique-de-confidentialite\/\"><\/a><\/p>\n","protected":false},"author":1,"featured_media":0,"parent":0,"menu_order":0,"comment_status":"closed","ping_status":"closed","template":"","meta":{"footnotes":""},"class_list":["post-82","page","type-page","status-publish","hentry"],"_links":{"self":[{"href":"https:\/\/www.myspeed.one\/fr\/wp-json\/wp\/v2\/pages\/82","targetHints":{"allow":["GET"]}}],"collection":[{"href":"https:\/\/www.myspeed.one\/fr\/wp-json\/wp\/v2\/pages"}],"about":[{"href":"https:\/\/www.myspeed.one\/fr\/wp-json\/wp\/v2\/types\/page"}],"author":[{"embeddable":true,"href":"https:\/\/www.myspeed.one\/fr\/wp-json\/wp\/v2\/users\/1"}],"replies":[{"embeddable":true,"href":"https:\/\/www.myspeed.one\/fr\/wp-json\/wp\/v2\/comments?post=82"}],"version-history":[{"count":19,"href":"https:\/\/www.myspeed.one\/fr\/wp-json\/wp\/v2\/pages\/82\/revisions"}],"predecessor-version":[{"id":312,"href":"https:\/\/www.myspeed.one\/fr\/wp-json\/wp\/v2\/pages\/82\/revisions\/312"}],"wp:attachment":[{"href":"https:\/\/www.myspeed.one\/fr\/wp-json\/wp\/v2\/media?parent=82"}],"curies":[{"name":"wp","href":"https:\/\/api.w.org\/{rel}","templated":true}]}}